{"id":4376,"date":"2021-01-13T15:50:23","date_gmt":"2021-01-13T15:50:23","guid":{"rendered":"https:\/\/sandbox.lucas-filmfestival.de\/homepage\/"},"modified":"2024-02-14T11:20:11","modified_gmt":"2024-02-14T11:20:11","slug":"homepage","status":"publish","type":"page","link":"https:\/\/2023.lucas-filmfestival.de\/en\/","title":{"rendered":"Homepage"},"content":{"rendered":"<div class=\"wpb-content-wrapper\"><p>[vc_row full_width=\u201cstretch_row\u201d content_placement=\u201cbottom\u201d parallax=\u201ccontent-moving\u201d parallax_image=\u201c631\u201d parallax_speed_bg=\u201c1.2\u201d css=\u201d.vc_custom_1616772209205{padding-top: 70px !important;padding-bottom: 70px !important;background-position: center;background-repeat: no-repeat !important;background-size: cover !important;}\u201d el_class=\u201chintergrund\u201d][vc_column width=\u201c2\/5\u201d][vc_single_image image=\u201c13624\u201d img_size=\u201c450x448\u201d css_animation=\u201crollIn\u201d][\/vc_column][vc_column width=\u201c2\/5\u201d][vc_row_inner][vc_column_inner][vc_column_text css=\u201d.vc_custom_1707909606601{padding-top: 10px !important;padding-right: 18px !important;padding-bottom: 10px !important;padding-left: 18px !important;background-color: rgba(255,255,255,0.8) !important;*background-color: rgb(255,255,255) !important;}\u201d]<\/p>\n<h3>SAVE THE DATE: LUCAS #47 \u2014 October 5th to 11th,&nbsp;2024<\/h3>\n<p>[\/vc_column_text][\/vc_column_inner][\/vc_row_inner][\/vc_column][vc_column width=\u201c1\/5\u201d][\/vc_column][\/vc_row][vc_row full_width=\u201cstretch_row\u201d css=\u201d.vc_custom_1612518267848{padding-top: 50px !important;padding-bottom: 50px !important;background-color: #ffd700 !important;}\u201d][vc_column][vc_row_inner][vc_column_inner width=\u201c1\/2\u201d][vc_separator color=\u201cblack\u201d align=\u201calign_left\u201d border_width=\u201c4\u201d el_width=\u201c30\u201d][vc_column_text]<\/p>\n<h1>News<\/h1>\n<p>[\/vc_column_text][\/vc_column_inner][vc_column_inner width=\u201c1\/2\u201d][\/vc_column_inner][\/vc_row_inner][vc_row_inner][vc_column_inner][vc_basic_grid post_type=\u201cpost\u201d max_items=\u201c3\u201d item=\u201c217\u201d grid_id=\u201cvc_gid:1707909275844\u201373b0b727-c16e-10\u201d taxonomies=\u201c44\u201d][\/vc_column_inner][\/vc_row_inner][\/vc_column][\/vc_row][vc_row full_width=\u201cstretch_row\u201d css=\u201d.vc_custom_1677236293693{padding-top: 50px !important;padding-bottom: 50px !important;background-image: url(https:\/\/2023.lucas-filmfestival.de\/medien\/2021\/02\/2020_10_01-LUCAS-PV-326-Foto_Sabine_Imhof-1920px-verlauf.jpg?id=691) !important;background-position: cen\u00adter !important;background-repeat: no-repeat !important;background-size: cover !important;}\u201d el_class=\u201chintergrund\u201d][vc_column][vc_row_inner][vc_column_inner width=\u201c1\/2\u201d][vc_separator color=\u201cwhite\u201d align=\u201calign_left\u201d border_width=\u201c4\u201d el_width=\u201c30\u201d][vc_column_text]<\/p>\n<h1><span style=\"color: #ffffff;\">About LUCAS<\/span><\/h1>\n<p>[\/vc_column_text][\/vc_column_inner][vc_column_inner width=\u201c1\/2\u201d][\/vc_column_inner][\/vc_row_inner][vc_row_inner][vc_column_inner width=\u201c1\/2\u201d][vc_column_text]<\/p>\n<div>\n<p style=\"text-align: justify;\"><span style=\"color: #ffffff;\">Lights out and film on at LUCAS #46: From October 5 to 12, Germany\u2019s oldest film fes\u00adti\u00adval for young audi\u00aden\u00adces pres\u00adents award-win\u00adning cine\u00adma\u00adtic art for ever\u00adyo\u00adne from four years old to 18plus. Families and film lovers of all ages can expect out\u00adstan\u00adding cine\u00adma expe\u00adri\u00aden\u00adces in Frankfurt, Offenbach, and Wiesbaden. School clas\u00adses, child\u00adren\u2019s and youth groups in Germany can also access the short films of the com\u00adpe\u00adti\u00adti\u00adon pro\u00adgram via video-on-demand.<\/span><\/p>\n<p style=\"text-align: justify;\"><span style=\"color: #ffffff;\">21 careful\u00adly cura\u00adted fea\u00adture films and a sel\u00adec\u00adtion of short films (all of them German pre\u00admie\u00adres) will com\u00adpe\u00adte for the cove\u00adted LUCAS awards. In addi\u00adti\u00adon to the com\u00adpe\u00adti\u00adti\u00adon pro\u00adgram, LUCAS pres\u00adents clas\u00adsics of film histo\u00adry, short film pro\u00adgrams for the very youn\u00adgest and other series, some of which are crea\u00adted by child\u00adren and young adults. During the fes\u00adti\u00adval week, a spe\u00adcial focus is on film talks, in which film\u00adma\u00adkers from all over the world enter into dia\u00adlo\u00adgue with the audience.<\/span><\/p>\n<\/div>\n<p>[\/vc_column_text][\/vc_column_inner][vc_column_inner width=\u201c1\/2\u201d][vc_column_text]<\/p>\n<p style=\"text-align: justify;\"><span style=\"color: #ffffff;\">Participation at LUCAS means \u201cGet invol\u00adved!\u201d. As mode\u00adra\u00adtors, fes\u00adti\u00adval repor\u00adters, film cri\u00adtics, jury mem\u00adbers, or cura\u00adtors \u2013 young film fans are invi\u00adted to par\u00adti\u00adci\u00adpa\u00adte in a varie\u00adty of ways throug\u00adhout the festival.<\/span><\/p>\n<p style=\"text-align: justify;\"><span style=\"color: #ffffff;\">For repre\u00adsen\u00adta\u00adti\u00adves of the film indus\u00adtry, con\u00adfe\u00adren\u00adces and panel dis\u00adcus\u00adsions take place that deal with topics of film edu\u00adca\u00adti\u00adon and cur\u00adrent trends in children\u2019s and youth film production.<\/span><\/p>\n<p style=\"text-align: justify;\"><span style=\"color: #ffffff;\">LUCAS \u2013 International Festival for Young Film Lovers is orga\u00adni\u00adzed by DFF \u2013 Deutsches Filminstitut &amp; Filmmuseum e.V.<\/span><\/p>\n<p>[\/vc_column_text][\/vc_column_inner][\/vc_row_inner][vc_single_image image=\u201c15403\u201d img_size=\u201clarge\u201d alignment=\u201ccenter\u201d onclick=\u201ccustom_link\u201d link=\u201chttps:\/\/www.epd-film.de\/online\u201d][\/vc_column][\/vc_row][vc_row full_width=\u201cstretch_row\u201d disable_element=\u201cyes\u201d css=\u201d.vc_custom_1611746464953{padding-top: 50px !important;padding-bottom: 50px !important;background-color: #ffd700 !important;}\u201d][vc_column][vc_row_inner][vc_column_inner width=\u201c1\/2\u201d][vc_separator color=\u201cblack\u201d align=\u201calign_left\u201d border_width=\u201c4\u201d el_width=\u201c30\u201d][vc_column_text]<\/p>\n<h1>Aktuelles<\/h1>\n<p>[\/vc_column_text][\/vc_column_inner][vc_column_inner width=\u201c1\/2\u201d][\/vc_column_inner][\/vc_row_inner][vc_row_inner][vc_column_inner width=\u201c1\/3\u201d][vc_single_image image=\u201c206\u201d img_size=\u201cfull\u201d][\/vc_column_inner][vc_column_inner width=\u201c1\/3\u201d][vc_single_image image=\u201c207\u201d img_size=\u201cfull\u201d][\/vc_column_inner][vc_column_inner width=\u201c1\/3\u201d][vc_single_image image=\u201c205\u201d img_size=\u201cfull\u201d css=\u201d.vc_custom_1611746436170{border-top-width: 5px !important;border-right-width: 5px !important;border-bottom-width: 5px !important;border-left-width: 5px !important;border-left-color: #ffffff !important;border-left-style: solid !important;border-right-color: #ffffff !important;border-right-style: solid !important;border-top-color: #ffffff !important;border-top-style: solid !important;border-bottom-color: #ffffff !important;border-bottom-style: solid !important;}\u201d][\/vc_column_inner][\/vc_row_inner][vc_column_text css=\u201d.vc_custom_1612534232343{padding-left: 14px !important;}\u201d][add_eventon tiles=\u201cyes\u201d tile_bg=\u201c1\u201d tile_count=\u201c3\u201d tile_style=\u201c1\u201d ][\/vc_column_text][\/vc_column][\/vc_row][vc_row full_width=\u201cstretch_row\u201d disable_element=\u201cyes\u201d css=\u201d.vc_custom_1658250075552{padding-top: 50px !important;padding-bottom: 50px !important;background-color: #48d1cc !important;}\u201d][vc_column][vc_row_inner disable_element=\u201cyes\u201d][vc_column_inner width=\u201c1\/2\u201d][vc_separator color=\u201cblack\u201d align=\u201calign_left\u201d border_width=\u201c4\u201d el_width=\u201c30\u201d][vc_column_text]<\/p>\n<h1>Upcoming events<\/h1>\n<p>[\/vc_column_text][\/vc_column_inner][vc_column_inner width=\u201c1\/2\u201d][\/vc_column_inner][\/vc_row_inner][vc_row_inner disable_element=\u201cyes\u201d][vc_column_inner][vc_basic_grid post_type=\u201cpost\u201d max_items=\u201c3\u201d item=\u201c1013\u201d grid_id=\u201cvc_gid:1707909275857-f3a25d1a-86f3\u20114\u201d taxonomies=\u201c71\u201d][\/vc_column_inner][\/vc_row_inner][vc_btn title=\u201cAll events\u201d style=\u201coutline-custom\u201d outline_custom_color=\u201c#000000\u201d outline_custom_hover_background=\u201c#ff6347\u201d outline_custom_hover_text=\u201d#ffffff\u201d size=\u201clg\u201d align=\u201cright\u201d i_icon_fontawesome=\u201cfas fa-calen\u00addar\u201d add_icon=\u201ctrue\u201d link=\u201curl:https%3A%2F%2Flucas-filmfestival.de%2Frundum%2F|title:Veranstaltungen\u201d css=\u201d.vc_custom_1630318602898{margin-right: 15px !important;}\u201d][vc_empty_space][\/vc_column][\/vc_row][vc_row full_width=\u201cstretch_row\u201d css=\u201d.vc_custom_1658250090651{padding-top: 50px !important;padding-bottom: 50px !important;background-color: #48d1cc !important;}\u201d][vc_column][vc_row_inner][vc_column_inner width=\u201c1\/2\u201d][vc_separator color=\u201cblack\u201d align=\u201calign_left\u201d border_width=\u201c4\u201d el_width=\u201c30\u201d][vc_column_text]<\/p>\n<h1>Follow us!<\/h1>\n<p>[\/vc_column_text][\/vc_column_inner][vc_column_inner width=\u201c1\/2\u201d][\/vc_column_inner][\/vc_row_inner][vc_row_inner][vc_column_inner][vc_column_text]<\/p>\n<h2>Instagram<\/h2>\n<p style=\"text-align: left;\">\n<\/p><div id=\"sb_instagram\" class=\"sbi sbi_mob_col_1 sbi_tab_col_2 sbi_col_4\" style=\"padding-bottom: 4px; width: 100%;\" data-feedid=\"*1\" data-res=\"auto\" data-cols=\"4\" data-colsmobile=\"1\" data-colstablet=\"2\" data-num=\"8\" data-nummobile data-item-padding=\"2\" data-shortcode-atts=\"{}\" data-postid=\"4376\" data-locatornonce=\"b9014eed32\" data-imageaspectratio=\"1:1\" data-sbi-flags=\"favorLocal\">\n\t\n\t<div id=\"sbi_images\" style=\"gap: 4px;\">\n\t\t<div class=\"sbi_item sbi_type_image sbi_new sbi_transition\" id=\"sbi_18086612776435177\" data-date=\"1713286282\">\n\t<div class=\"sbi_photo_wrap\">\n\t\t<a class=\"sbi_photo\" href=\"https:\/\/www.instagram.com\/p\/C51GfBfqU9b\/\" target=\"_blank\" rel=\"noopener nofollow\" data-full-res=\"https:\/\/scontent-lhr8-1.cdninstagram.com\/v\/t39.30808-6\/437596304_864266855715216_7153984337395031571_n.jpg?_nc_cat=111&amp;ccb=1-7&amp;_nc_sid=18de74&amp;_nc_ohc=u2NJsnc97P0Ab7LbkSC&amp;_nc_ht=scontent-lhr8-1.cdninstagram.com&amp;edm=ANo9K5cEAAAA&amp;oh=00_AfA4-qLYFEoXaIRrnweIP6v8UhG2_yIFSOrdcu7xl30TWQ&amp;oe=662BADE2\" data-img-src-set=\"{&quot;d&quot;:&quot;https:\\\/\\\/scontent-lhr8-1.cdninstagram.com\\\/v\\\/t39.30808-6\\\/437596304_864266855715216_7153984337395031571_n.jpg?_nc_cat=111&amp;ccb=1-7&amp;_nc_sid=18de74&amp;_nc_ohc=u2NJsnc97P0Ab7LbkSC&amp;_nc_ht=scontent-lhr8-1.cdninstagram.com&amp;edm=ANo9K5cEAAAA&amp;oh=00_AfA4-qLYFEoXaIRrnweIP6v8UhG2_yIFSOrdcu7xl30TWQ&amp;oe=662BADE2&quot;,&quot;150&quot;:&quot;https:\\\/\\\/scontent-lhr8-1.cdninstagram.com\\\/v\\\/t39.30808-6\\\/437596304_864266855715216_7153984337395031571_n.jpg?_nc_cat=111&amp;ccb=1-7&amp;_nc_sid=18de74&amp;_nc_ohc=u2NJsnc97P0Ab7LbkSC&amp;_nc_ht=scontent-lhr8-1.cdninstagram.com&amp;edm=ANo9K5cEAAAA&amp;oh=00_AfA4-qLYFEoXaIRrnweIP6v8UhG2_yIFSOrdcu7xl30TWQ&amp;oe=662BADE2&quot;,&quot;320&quot;:&quot;https:\\\/\\\/scontent-lhr8-1.cdninstagram.com\\\/v\\\/t39.30808-6\\\/437596304_864266855715216_7153984337395031571_n.jpg?_nc_cat=111&amp;ccb=1-7&amp;_nc_sid=18de74&amp;_nc_ohc=u2NJsnc97P0Ab7LbkSC&amp;_nc_ht=scontent-lhr8-1.cdninstagram.com&amp;edm=ANo9K5cEAAAA&amp;oh=00_AfA4-qLYFEoXaIRrnweIP6v8UhG2_yIFSOrdcu7xl30TWQ&amp;oe=662BADE2&quot;,&quot;640&quot;:&quot;https:\\\/\\\/scontent-lhr8-1.cdninstagram.com\\\/v\\\/t39.30808-6\\\/437596304_864266855715216_7153984337395031571_n.jpg?_nc_cat=111&amp;ccb=1-7&amp;_nc_sid=18de74&amp;_nc_ohc=u2NJsnc97P0Ab7LbkSC&amp;_nc_ht=scontent-lhr8-1.cdninstagram.com&amp;edm=ANo9K5cEAAAA&amp;oh=00_AfA4-qLYFEoXaIRrnweIP6v8UhG2_yIFSOrdcu7xl30TWQ&amp;oe=662BADE2&quot;}\">\n\t\t\t<span class=\"sbi-screenreader\">*ins Mikrofon r\u00e4us\u00adper* Achtung, Achtung, das ist&nbsp;d<\/span>\n\t\t\t\t\t\t\t\t\t<img decoding=\"async\" src=\"https:\/\/2023.lucas-filmfestival.de\/wp-content\/plugins\/instagram-feed\/img\/placeholder.png\" alt=\"*ins Mikrofon r\u00e4usper* Achtung, Achtung, das ist der letzte Aufruf f\u00fcr alle s\u00e4umigen jungen Filmfans, die gerne Teil der LUCAS-Jurys in den Wettbewerben \u00bbKids\u00ab und \u00bbTeens\u00ab werden m\u00f6chten! \ud83c\udf7f\n\nIhr seid zwischen zehn und zw\u00f6lf bzw. zwischen 14 und 18 Jahre alt und wollt im Herbst eine Woche lang das Klassenzimmer gegen das Kino tauschen?\n\nDie Bewerbung geht auch ganz schnell: \nEinfach Bewerbungsbogen ausf\u00fcllen, eine kurze Kritik zu einem beliebigen Film verfassen und beide Dokumente an lucas-info@dff.film schicken. Alles Wichtige findet ihr auf der LUCAS-Website: www.lucas-filmfestival.de\/jurybewerbung_2024\/\n\nWir freuen uns auf eure Nachrichten! \ud83d\udce8\" aria-hidden=\"true\">\n\t\t<\/a>\n\t<\/div>\n<\/div><div class=\"sbi_item sbi_type_image sbi_new sbi_transition\" id=\"sbi_17957808248740638\" data-date=\"1710405015\">\n\t<div class=\"sbi_photo_wrap\">\n\t\t<a class=\"sbi_photo\" href=\"https:\/\/www.instagram.com\/p\/C4fO5zrqEi9\/\" target=\"_blank\" rel=\"noopener nofollow\" data-full-res=\"https:\/\/scontent-lhr8-1.cdninstagram.com\/v\/t39.30808-6\/418834253_841923034616265_6288018699773522948_n.jpg?_nc_cat=111&amp;ccb=1-7&amp;_nc_sid=18de74&amp;_nc_ohc=9Jvakopbbe4Ab74eQHE&amp;_nc_ht=scontent-lhr8-1.cdninstagram.com&amp;edm=ANo9K5cEAAAA&amp;oh=00_AfCM_Lcjg0qAvIWsYXeKgrLZYMufk4C2UGJkhdHfHQpzuA&amp;oe=662BA566\" data-img-src-set=\"{&quot;d&quot;:&quot;https:\\\/\\\/scontent-lhr8-1.cdninstagram.com\\\/v\\\/t39.30808-6\\\/418834253_841923034616265_6288018699773522948_n.jpg?_nc_cat=111&amp;ccb=1-7&amp;_nc_sid=18de74&amp;_nc_ohc=9Jvakopbbe4Ab74eQHE&amp;_nc_ht=scontent-lhr8-1.cdninstagram.com&amp;edm=ANo9K5cEAAAA&amp;oh=00_AfCM_Lcjg0qAvIWsYXeKgrLZYMufk4C2UGJkhdHfHQpzuA&amp;oe=662BA566&quot;,&quot;150&quot;:&quot;https:\\\/\\\/scontent-lhr8-1.cdninstagram.com\\\/v\\\/t39.30808-6\\\/418834253_841923034616265_6288018699773522948_n.jpg?_nc_cat=111&amp;ccb=1-7&amp;_nc_sid=18de74&amp;_nc_ohc=9Jvakopbbe4Ab74eQHE&amp;_nc_ht=scontent-lhr8-1.cdninstagram.com&amp;edm=ANo9K5cEAAAA&amp;oh=00_AfCM_Lcjg0qAvIWsYXeKgrLZYMufk4C2UGJkhdHfHQpzuA&amp;oe=662BA566&quot;,&quot;320&quot;:&quot;https:\\\/\\\/scontent-lhr8-1.cdninstagram.com\\\/v\\\/t39.30808-6\\\/418834253_841923034616265_6288018699773522948_n.jpg?_nc_cat=111&amp;ccb=1-7&amp;_nc_sid=18de74&amp;_nc_ohc=9Jvakopbbe4Ab74eQHE&amp;_nc_ht=scontent-lhr8-1.cdninstagram.com&amp;edm=ANo9K5cEAAAA&amp;oh=00_AfCM_Lcjg0qAvIWsYXeKgrLZYMufk4C2UGJkhdHfHQpzuA&amp;oe=662BA566&quot;,&quot;640&quot;:&quot;https:\\\/\\\/scontent-lhr8-1.cdninstagram.com\\\/v\\\/t39.30808-6\\\/418834253_841923034616265_6288018699773522948_n.jpg?_nc_cat=111&amp;ccb=1-7&amp;_nc_sid=18de74&amp;_nc_ohc=9Jvakopbbe4Ab74eQHE&amp;_nc_ht=scontent-lhr8-1.cdninstagram.com&amp;edm=ANo9K5cEAAAA&amp;oh=00_AfCM_Lcjg0qAvIWsYXeKgrLZYMufk4C2UGJkhdHfHQpzuA&amp;oe=662BA566&quot;}\">\n\t\t\t<span class=\"sbi-screenreader\">Unser Juryaufruf wur\u00adde ver\u00adl\u00e4n\u00adgert! \ud83c\udf89\nJunge Filmfan<\/span>\n\t\t\t\t\t\t\t\t\t<img decoding=\"async\" src=\"https:\/\/2023.lucas-filmfestival.de\/wp-content\/plugins\/instagram-feed\/img\/placeholder.png\" alt=\"Unser Juryaufruf wurde verl\u00e4ngert! \ud83c\udf89\nJunge Filmfans zwischen zehn und zw\u00f6lf bzw. 14 bis 18 Jahren k\u00f6nnen sich noch bis zum 17. April f\u00fcr die LUCAS-Jurys in den Wettbewerben \u00bbKids\u00ab und \u00bbTeens\u00ab bewerben.\n\nWas ihr braucht, um mindestens genauso viel Spa\u00df zu haben wie die \u00bbKids\u00ab-Jury im letzten Jahr, die ihr hier im Bild seht, erfahrt ihr auf unserer Website:\nwww.lucas-filmfestival.de\/jurybewerbung_2024\/\" aria-hidden=\"true\">\n\t\t<\/a>\n\t<\/div>\n<\/div><div class=\"sbi_item sbi_type_image sbi_new sbi_transition\" id=\"sbi_18032234038854743\" data-date=\"1709312412\">\n\t<div class=\"sbi_photo_wrap\">\n\t\t<a class=\"sbi_photo\" href=\"https:\/\/www.instagram.com\/p\/C3-q7j1xiR1\/\" target=\"_blank\" rel=\"noopener nofollow\" data-full-res=\"https:\/\/scontent-lhr8-1.cdninstagram.com\/v\/t39.30808-6\/430562691_834210298720872_2084723722066310141_n.jpg?_nc_cat=107&amp;ccb=1-7&amp;_nc_sid=18de74&amp;_nc_ohc=SLAaR3lA0a8Ab7ObxxF&amp;_nc_ht=scontent-lhr8-1.cdninstagram.com&amp;edm=ANo9K5cEAAAA&amp;oh=00_AfCZ-S1MhuTTjHR-SqaZG29SJvopWbJGVrRjSUFf4I83Ig&amp;oe=662BA0C4\" data-img-src-set=\"{&quot;d&quot;:&quot;https:\\\/\\\/scontent-lhr8-1.cdninstagram.com\\\/v\\\/t39.30808-6\\\/430562691_834210298720872_2084723722066310141_n.jpg?_nc_cat=107&amp;ccb=1-7&amp;_nc_sid=18de74&amp;_nc_ohc=SLAaR3lA0a8Ab7ObxxF&amp;_nc_ht=scontent-lhr8-1.cdninstagram.com&amp;edm=ANo9K5cEAAAA&amp;oh=00_AfCZ-S1MhuTTjHR-SqaZG29SJvopWbJGVrRjSUFf4I83Ig&amp;oe=662BA0C4&quot;,&quot;150&quot;:&quot;https:\\\/\\\/scontent-lhr8-1.cdninstagram.com\\\/v\\\/t39.30808-6\\\/430562691_834210298720872_2084723722066310141_n.jpg?_nc_cat=107&amp;ccb=1-7&amp;_nc_sid=18de74&amp;_nc_ohc=SLAaR3lA0a8Ab7ObxxF&amp;_nc_ht=scontent-lhr8-1.cdninstagram.com&amp;edm=ANo9K5cEAAAA&amp;oh=00_AfCZ-S1MhuTTjHR-SqaZG29SJvopWbJGVrRjSUFf4I83Ig&amp;oe=662BA0C4&quot;,&quot;320&quot;:&quot;https:\\\/\\\/scontent-lhr8-1.cdninstagram.com\\\/v\\\/t39.30808-6\\\/430562691_834210298720872_2084723722066310141_n.jpg?_nc_cat=107&amp;ccb=1-7&amp;_nc_sid=18de74&amp;_nc_ohc=SLAaR3lA0a8Ab7ObxxF&amp;_nc_ht=scontent-lhr8-1.cdninstagram.com&amp;edm=ANo9K5cEAAAA&amp;oh=00_AfCZ-S1MhuTTjHR-SqaZG29SJvopWbJGVrRjSUFf4I83Ig&amp;oe=662BA0C4&quot;,&quot;640&quot;:&quot;https:\\\/\\\/scontent-lhr8-1.cdninstagram.com\\\/v\\\/t39.30808-6\\\/430562691_834210298720872_2084723722066310141_n.jpg?_nc_cat=107&amp;ccb=1-7&amp;_nc_sid=18de74&amp;_nc_ohc=SLAaR3lA0a8Ab7ObxxF&amp;_nc_ht=scontent-lhr8-1.cdninstagram.com&amp;edm=ANo9K5cEAAAA&amp;oh=00_AfCZ-S1MhuTTjHR-SqaZG29SJvopWbJGVrRjSUFf4I83Ig&amp;oe=662BA0C4&quot;}\">\n\t\t\t<span class=\"sbi-screenreader\">Ihr habt Interesse hin\u00adter die Kulissen eines&nbsp;inter<\/span>\n\t\t\t\t\t\t\t\t\t<img decoding=\"async\" src=\"https:\/\/2023.lucas-filmfestival.de\/wp-content\/plugins\/instagram-feed\/img\/placeholder.png\" alt=\"Ihr habt Interesse hinter die Kulissen eines internationalen Filmfestivals zu schauen? F\u00fcr die 47. Festivalausgabe sucht LUCAS nach engagierten Praktikant:innen und bietet f\u00fcr bis zu 18 Wochen professionelle Einblicke in unterschiedliche Bereiche wie Redaktion, Festivalmanagement oder Schulkooperationen. Vielleicht ist ja euch etwas f\u00fcr euch dabei? \ud83e\udd19\n\nZu den Ausschreibungen gelangt ihr via Link in Bio \ud83d\udd17\n\n#LucasFilmfestival #Lucas2024 #Ausschreibung #Praktikum #Internship #Festival #Jobs\" aria-hidden=\"true\">\n\t\t<\/a>\n\t<\/div>\n<\/div><div class=\"sbi_item sbi_type_image sbi_new sbi_transition\" id=\"sbi_18023910650006387\" data-date=\"1709203507\">\n\t<div class=\"sbi_photo_wrap\">\n\t\t<a class=\"sbi_photo\" href=\"https:\/\/www.instagram.com\/p\/C37bNgJPg1v\/\" target=\"_blank\" rel=\"noopener nofollow\" data-full-res=\"https:\/\/scontent-lhr6-1.cdninstagram.com\/v\/t39.30808-6\/417458270_833388168803085_1076235292901680584_n.jpg?_nc_cat=110&amp;ccb=1-7&amp;_nc_sid=18de74&amp;_nc_ohc=V87Aw-ykXk0Ab5fRlJH&amp;_nc_ht=scontent-lhr6-1.cdninstagram.com&amp;edm=ANo9K5cEAAAA&amp;oh=00_AfC7fsB5kPsunQbvkkOA_BOCeJYu04wU0UYtRD1hLE-fDw&amp;oe=662BA19B\" data-img-src-set=\"{&quot;d&quot;:&quot;https:\\\/\\\/scontent-lhr6-1.cdninstagram.com\\\/v\\\/t39.30808-6\\\/417458270_833388168803085_1076235292901680584_n.jpg?_nc_cat=110&amp;ccb=1-7&amp;_nc_sid=18de74&amp;_nc_ohc=V87Aw-ykXk0Ab5fRlJH&amp;_nc_ht=scontent-lhr6-1.cdninstagram.com&amp;edm=ANo9K5cEAAAA&amp;oh=00_AfC7fsB5kPsunQbvkkOA_BOCeJYu04wU0UYtRD1hLE-fDw&amp;oe=662BA19B&quot;,&quot;150&quot;:&quot;https:\\\/\\\/scontent-lhr6-1.cdninstagram.com\\\/v\\\/t39.30808-6\\\/417458270_833388168803085_1076235292901680584_n.jpg?_nc_cat=110&amp;ccb=1-7&amp;_nc_sid=18de74&amp;_nc_ohc=V87Aw-ykXk0Ab5fRlJH&amp;_nc_ht=scontent-lhr6-1.cdninstagram.com&amp;edm=ANo9K5cEAAAA&amp;oh=00_AfC7fsB5kPsunQbvkkOA_BOCeJYu04wU0UYtRD1hLE-fDw&amp;oe=662BA19B&quot;,&quot;320&quot;:&quot;https:\\\/\\\/scontent-lhr6-1.cdninstagram.com\\\/v\\\/t39.30808-6\\\/417458270_833388168803085_1076235292901680584_n.jpg?_nc_cat=110&amp;ccb=1-7&amp;_nc_sid=18de74&amp;_nc_ohc=V87Aw-ykXk0Ab5fRlJH&amp;_nc_ht=scontent-lhr6-1.cdninstagram.com&amp;edm=ANo9K5cEAAAA&amp;oh=00_AfC7fsB5kPsunQbvkkOA_BOCeJYu04wU0UYtRD1hLE-fDw&amp;oe=662BA19B&quot;,&quot;640&quot;:&quot;https:\\\/\\\/scontent-lhr6-1.cdninstagram.com\\\/v\\\/t39.30808-6\\\/417458270_833388168803085_1076235292901680584_n.jpg?_nc_cat=110&amp;ccb=1-7&amp;_nc_sid=18de74&amp;_nc_ohc=V87Aw-ykXk0Ab5fRlJH&amp;_nc_ht=scontent-lhr6-1.cdninstagram.com&amp;edm=ANo9K5cEAAAA&amp;oh=00_AfC7fsB5kPsunQbvkkOA_BOCeJYu04wU0UYtRD1hLE-fDw&amp;oe=662BA19B&quot;}\">\n\t\t\t<span class=\"sbi-screenreader\">Ihr m\u00f6ch\u00adtet ler\u00adnen, eure Meinung zu einem Film&nbsp;in&nbsp;<\/span>\n\t\t\t\t\t\t\t\t\t<img decoding=\"async\" src=\"https:\/\/2023.lucas-filmfestival.de\/wp-content\/plugins\/instagram-feed\/img\/placeholder.png\" alt=\"Ihr m\u00f6chtet lernen, eure Meinung zu einem Film in geschriebener Form auszudr\u00fccken? Im kostenlosen Online-Workshop am Samstag, 9. M\u00e4rz, von 11 bis 12 Uhr erfahrt ihr, was eine gute Filmkritik ausmacht \ud83d\udcd3\u270f\ufe0f\n\nWer beim Workshop Lust auf mehr bekommt, kann im Anschluss direkt drauflos schreiben und sich mit einer Filmkritik f\u00fcr die LUCAS-Wettbewerbsjurys bewerben.\n\nAlles Wichtige zu Workshop und Bewerbung erfahrt ihr unter: www.lucas-filmfestival.de\/jurybewerbung_2024\/\n\n#Lucas2024 #LucasFilmfestival #Filmkritik #Workshop #Filmfestival\" aria-hidden=\"true\">\n\t\t<\/a>\n\t<\/div>\n<\/div><div class=\"sbi_item sbi_type_image sbi_new sbi_transition\" id=\"sbi_17859965298072302\" data-date=\"1708701007\">\n\t<div class=\"sbi_photo_wrap\">\n\t\t<a class=\"sbi_photo\" href=\"https:\/\/www.instagram.com\/p\/C3scxH1Ms0N\/\" target=\"_blank\" rel=\"noopener nofollow\" data-full-res=\"https:\/\/scontent-lhr8-1.cdninstagram.com\/v\/t39.30808-6\/417405459_829882645820304_1736498776544272276_n.jpg?_nc_cat=103&amp;ccb=1-7&amp;_nc_sid=18de74&amp;_nc_ohc=MET_Znsa_eoAb5bR9X_&amp;_nc_ht=scontent-lhr8-1.cdninstagram.com&amp;edm=ANo9K5cEAAAA&amp;oh=00_AfDZcilTd798x0yMCKFxt-GyJtjwJdBZM0mrode8B72KGQ&amp;oe=662B9B36\" data-img-src-set=\"{&quot;d&quot;:&quot;https:\\\/\\\/scontent-lhr8-1.cdninstagram.com\\\/v\\\/t39.30808-6\\\/417405459_829882645820304_1736498776544272276_n.jpg?_nc_cat=103&amp;ccb=1-7&amp;_nc_sid=18de74&amp;_nc_ohc=MET_Znsa_eoAb5bR9X_&amp;_nc_ht=scontent-lhr8-1.cdninstagram.com&amp;edm=ANo9K5cEAAAA&amp;oh=00_AfDZcilTd798x0yMCKFxt-GyJtjwJdBZM0mrode8B72KGQ&amp;oe=662B9B36&quot;,&quot;150&quot;:&quot;https:\\\/\\\/scontent-lhr8-1.cdninstagram.com\\\/v\\\/t39.30808-6\\\/417405459_829882645820304_1736498776544272276_n.jpg?_nc_cat=103&amp;ccb=1-7&amp;_nc_sid=18de74&amp;_nc_ohc=MET_Znsa_eoAb5bR9X_&amp;_nc_ht=scontent-lhr8-1.cdninstagram.com&amp;edm=ANo9K5cEAAAA&amp;oh=00_AfDZcilTd798x0yMCKFxt-GyJtjwJdBZM0mrode8B72KGQ&amp;oe=662B9B36&quot;,&quot;320&quot;:&quot;https:\\\/\\\/scontent-lhr8-1.cdninstagram.com\\\/v\\\/t39.30808-6\\\/417405459_829882645820304_1736498776544272276_n.jpg?_nc_cat=103&amp;ccb=1-7&amp;_nc_sid=18de74&amp;_nc_ohc=MET_Znsa_eoAb5bR9X_&amp;_nc_ht=scontent-lhr8-1.cdninstagram.com&amp;edm=ANo9K5cEAAAA&amp;oh=00_AfDZcilTd798x0yMCKFxt-GyJtjwJdBZM0mrode8B72KGQ&amp;oe=662B9B36&quot;,&quot;640&quot;:&quot;https:\\\/\\\/scontent-lhr8-1.cdninstagram.com\\\/v\\\/t39.30808-6\\\/417405459_829882645820304_1736498776544272276_n.jpg?_nc_cat=103&amp;ccb=1-7&amp;_nc_sid=18de74&amp;_nc_ohc=MET_Znsa_eoAb5bR9X_&amp;_nc_ht=scontent-lhr8-1.cdninstagram.com&amp;edm=ANo9K5cEAAAA&amp;oh=00_AfDZcilTd798x0yMCKFxt-GyJtjwJdBZM0mrode8B72KGQ&amp;oe=662B9B36&quot;}\">\n\t\t\t<span class=\"sbi-screenreader\">Jetzt Kurzfilm ein\u00adrei\u00adchen \ud83c\udfac \/\/ English below!\n\nF\u00fcr<\/span>\n\t\t\t\t\t\t\t\t\t<img decoding=\"async\" src=\"https:\/\/2023.lucas-filmfestival.de\/wp-content\/plugins\/instagram-feed\/img\/placeholder.png\" alt=\"Jetzt Kurzfilm einreichen \ud83c\udfac \/\/ English below!\n\nF\u00fcr seine 47. Festivalausgabe ist LUCAS auf der Suche nach spannenden Kurzfilmen, die f\u00fcr ein junges Publikum geeignet sind. Ob Fiktion, Dokumentar-, Experimental- oder Animationsfilm \u2013 unter einer Spieldauer von 30 Minuten sind alle Formate willkommen. Bis zum 1. Mai k\u00f6nnen Kurzfilme \u00fcber die Plattform FilmFreeway eingereicht werden. \n\nAlle weiteren Infos zur Kurzfilmeinreichung erreicht ihr via Link in Bio! \n\n---\nCALL FOR ENTRIES! \ud83c\udf7f\n\nFor its 47th festival edition, LUCAS is looking for exciting short films that are suitable for young audiences. Whether fiction, documentary, experimental or animated shorts - all formats under 30 minutes in length are welcome here. Short films can be submitted via FilmFreeway until May 1. \n\nAll further information on submitting short films can be found via the link in Bio!\n\n#Filmfestival #Lucas47 #CallForEntries #ShortFilm #Kurzfilm\" aria-hidden=\"true\">\n\t\t<\/a>\n\t<\/div>\n<\/div><div class=\"sbi_item sbi_type_image sbi_new sbi_transition\" id=\"sbi_17993744126320023\" data-date=\"1707037258\">\n\t<div class=\"sbi_photo_wrap\">\n\t\t<a class=\"sbi_photo\" href=\"https:\/\/www.instagram.com\/p\/C263a2RpBR1\/\" target=\"_blank\" rel=\"noopener nofollow\" data-full-res=\"https:\/\/scontent-lhr8-1.cdninstagram.com\/v\/t39.30808-6\/417592754_815341440607758_8721166515282914063_n.jpg?_nc_cat=108&amp;ccb=1-7&amp;_nc_sid=18de74&amp;_nc_ohc=N-mt-4J8opoAb64-Y44&amp;_nc_ht=scontent-lhr8-1.cdninstagram.com&amp;edm=ANo9K5cEAAAA&amp;oh=00_AfCTvS2bHCrZxyCA6x_m0MgHkW7FbYzNxueiw51p1de37w&amp;oe=662BA4E0\" data-img-src-set=\"{&quot;d&quot;:&quot;https:\\\/\\\/scontent-lhr8-1.cdninstagram.com\\\/v\\\/t39.30808-6\\\/417592754_815341440607758_8721166515282914063_n.jpg?_nc_cat=108&amp;ccb=1-7&amp;_nc_sid=18de74&amp;_nc_ohc=N-mt-4J8opoAb64-Y44&amp;_nc_ht=scontent-lhr8-1.cdninstagram.com&amp;edm=ANo9K5cEAAAA&amp;oh=00_AfCTvS2bHCrZxyCA6x_m0MgHkW7FbYzNxueiw51p1de37w&amp;oe=662BA4E0&quot;,&quot;150&quot;:&quot;https:\\\/\\\/scontent-lhr8-1.cdninstagram.com\\\/v\\\/t39.30808-6\\\/417592754_815341440607758_8721166515282914063_n.jpg?_nc_cat=108&amp;ccb=1-7&amp;_nc_sid=18de74&amp;_nc_ohc=N-mt-4J8opoAb64-Y44&amp;_nc_ht=scontent-lhr8-1.cdninstagram.com&amp;edm=ANo9K5cEAAAA&amp;oh=00_AfCTvS2bHCrZxyCA6x_m0MgHkW7FbYzNxueiw51p1de37w&amp;oe=662BA4E0&quot;,&quot;320&quot;:&quot;https:\\\/\\\/scontent-lhr8-1.cdninstagram.com\\\/v\\\/t39.30808-6\\\/417592754_815341440607758_8721166515282914063_n.jpg?_nc_cat=108&amp;ccb=1-7&amp;_nc_sid=18de74&amp;_nc_ohc=N-mt-4J8opoAb64-Y44&amp;_nc_ht=scontent-lhr8-1.cdninstagram.com&amp;edm=ANo9K5cEAAAA&amp;oh=00_AfCTvS2bHCrZxyCA6x_m0MgHkW7FbYzNxueiw51p1de37w&amp;oe=662BA4E0&quot;,&quot;640&quot;:&quot;https:\\\/\\\/scontent-lhr8-1.cdninstagram.com\\\/v\\\/t39.30808-6\\\/417592754_815341440607758_8721166515282914063_n.jpg?_nc_cat=108&amp;ccb=1-7&amp;_nc_sid=18de74&amp;_nc_ohc=N-mt-4J8opoAb64-Y44&amp;_nc_ht=scontent-lhr8-1.cdninstagram.com&amp;edm=ANo9K5cEAAAA&amp;oh=00_AfCTvS2bHCrZxyCA6x_m0MgHkW7FbYzNxueiw51p1de37w&amp;oe=662BA4E0&quot;}\">\n\t\t\t<span class=\"sbi-screenreader\">+++ Veranstaltungstipp f\u00fcr Schulen +++ \nVorhang au<\/span>\n\t\t\t\t\t\t\t\t\t<img decoding=\"async\" src=\"https:\/\/2023.lucas-filmfestival.de\/wp-content\/plugins\/instagram-feed\/img\/placeholder.png\" alt=\"+++ Veranstaltungstipp f\u00fcr Schulen +++ \nVorhang auf f\u00fcr die SchulKinoWochen Hessen! \ud83c\udfac\ud83c\udf89\n\nBereits zum 18. Mal laden die SchulKinoWochen dazu ein, den Schultag im Kino zu verbringen: Vom 4. bis 15. M\u00e4rz finden in mehr als 70 hessischen Kinos Filmvorstellungen statt, begleitet von Gespr\u00e4chen und Workshops. Im Programm aus Spiel\u2011, Dokumentar- und Animationsfilmen, aktuellen Produktionen und Klassikern, Filmen in Originalfassung, mit Untertiteln f\u00fcr H\u00f6rgesch\u00e4digte oder Audiodeskription findet jede Gruppe das passende Angebot.\n\nNoch zwei Wochen, bis zum 18. Februar, k\u00f6nnen Gruppen Kinovorstellungen und begleitende Filmbildungsangebote buchen. Mehr Informationen gibt es auf www.schulkinowochen-hessen.de \ud83d\udd17\n\n#SchulKinoWochen #Hessen #Filmbildung #FilmImUnterricht #Kinderkino #Veranstaltungstipp\" aria-hidden=\"true\">\n\t\t<\/a>\n\t<\/div>\n<\/div><div class=\"sbi_item sbi_type_carousel sbi_new sbi_transition\" id=\"sbi_18005379620081088\" data-date=\"1697215449\">\n\t<div class=\"sbi_photo_wrap\">\n\t\t<a class=\"sbi_photo\" href=\"https:\/\/www.instagram.com\/p\/CyWJzjyNz6k\/\" target=\"_blank\" rel=\"noopener nofollow\" data-full-res=\"https:\/\/scontent-lhr6-1.cdninstagram.com\/v\/t39.30808-6\/391685802_742882001187036_727374508832360901_n.jpg?_nc_cat=110&amp;ccb=1-7&amp;_nc_sid=18de74&amp;_nc_ohc=R_yXngMoWZEAb5ep4W1&amp;_nc_oc=AdhywhRQLcDpnBCBYQnJE4j9-7xdHSDOXDAKxXQkMbAr5kVAy8bzztryD5B2k-HM8rM&amp;_nc_ht=scontent-lhr6-1.cdninstagram.com&amp;edm=ANo9K5cEAAAA&amp;oh=00_AfDY83gi-TBRdRbVHOCSYrkfcnx0Cdq82o-69UXw_vjf8Q&amp;oe=662BA536\" data-img-src-set=\"{&quot;d&quot;:&quot;https:\\\/\\\/scontent-lhr6-1.cdninstagram.com\\\/v\\\/t39.30808-6\\\/391685802_742882001187036_727374508832360901_n.jpg?_nc_cat=110&amp;ccb=1-7&amp;_nc_sid=18de74&amp;_nc_ohc=R_yXngMoWZEAb5ep4W1&amp;_nc_oc=AdhywhRQLcDpnBCBYQnJE4j9-7xdHSDOXDAKxXQkMbAr5kVAy8bzztryD5B2k-HM8rM&amp;_nc_ht=scontent-lhr6-1.cdninstagram.com&amp;edm=ANo9K5cEAAAA&amp;oh=00_AfDY83gi-TBRdRbVHOCSYrkfcnx0Cdq82o-69UXw_vjf8Q&amp;oe=662BA536&quot;,&quot;150&quot;:&quot;https:\\\/\\\/scontent-lhr6-1.cdninstagram.com\\\/v\\\/t39.30808-6\\\/391685802_742882001187036_727374508832360901_n.jpg?_nc_cat=110&amp;ccb=1-7&amp;_nc_sid=18de74&amp;_nc_ohc=R_yXngMoWZEAb5ep4W1&amp;_nc_oc=AdhywhRQLcDpnBCBYQnJE4j9-7xdHSDOXDAKxXQkMbAr5kVAy8bzztryD5B2k-HM8rM&amp;_nc_ht=scontent-lhr6-1.cdninstagram.com&amp;edm=ANo9K5cEAAAA&amp;oh=00_AfDY83gi-TBRdRbVHOCSYrkfcnx0Cdq82o-69UXw_vjf8Q&amp;oe=662BA536&quot;,&quot;320&quot;:&quot;https:\\\/\\\/scontent-lhr6-1.cdninstagram.com\\\/v\\\/t39.30808-6\\\/391685802_742882001187036_727374508832360901_n.jpg?_nc_cat=110&amp;ccb=1-7&amp;_nc_sid=18de74&amp;_nc_ohc=R_yXngMoWZEAb5ep4W1&amp;_nc_oc=AdhywhRQLcDpnBCBYQnJE4j9-7xdHSDOXDAKxXQkMbAr5kVAy8bzztryD5B2k-HM8rM&amp;_nc_ht=scontent-lhr6-1.cdninstagram.com&amp;edm=ANo9K5cEAAAA&amp;oh=00_AfDY83gi-TBRdRbVHOCSYrkfcnx0Cdq82o-69UXw_vjf8Q&amp;oe=662BA536&quot;,&quot;640&quot;:&quot;https:\\\/\\\/scontent-lhr6-1.cdninstagram.com\\\/v\\\/t39.30808-6\\\/391685802_742882001187036_727374508832360901_n.jpg?_nc_cat=110&amp;ccb=1-7&amp;_nc_sid=18de74&amp;_nc_ohc=R_yXngMoWZEAb5ep4W1&amp;_nc_oc=AdhywhRQLcDpnBCBYQnJE4j9-7xdHSDOXDAKxXQkMbAr5kVAy8bzztryD5B2k-HM8rM&amp;_nc_ht=scontent-lhr6-1.cdninstagram.com&amp;edm=ANo9K5cEAAAA&amp;oh=00_AfDY83gi-TBRdRbVHOCSYrkfcnx0Cdq82o-69UXw_vjf8Q&amp;oe=662BA536&quot;}\">\n\t\t\t<span class=\"sbi-screenreader\">Was f\u00fcr eine Festivalwoche, was f\u00fcr eine Preisverl<\/span>\n\t\t\t<svg class=\"svg-inline--fa fa-clone fa-w-16 sbi_lightbox_carousel_icon\" aria-hidden=\"true\" aria-label=\"Clone\" data-fa-pro\u0192cessed data-prefix=\"far\" data-icon=\"clone\" role=\"img\" viewBox=\"0 0 512 512\">\n                    <path fill=\"currentColor\" d=\"M464 0H144c-26.51 0-48 21.49-48 48v48H48c-26.51 0-48 21.49-48 48v320c0 26.51 21.49 48 48 48h320c26.51 0 48-21.49 48-48v-48h48c26.51 0 48-21.49 48-48V48c0-26.51-21.49-48-48-48zM362 464H54a6 6 0 0 1-6-6V150a6 6 0 0 1 6-6h42v224c0 26.51 21.49 48 48 48h224v42a6 6 0 0 1-6 6zm96-96H150a6 6 0 0 1-6-6V54a6 6 0 0 1 6-6h308a6 6 0 0 1 6 6v308a6 6 0 0 1-6 6z\" \/>\n                <\/svg>\t\t\t\t\t\t<img decoding=\"async\" src=\"https:\/\/2023.lucas-filmfestival.de\/wp-content\/plugins\/instagram-feed\/img\/placeholder.png\" alt=\"Was f\u00fcr eine Festivalwoche, was f\u00fcr eine Preisverleihung: Es gab gl\u00fcckliche Gewinner:innen, bunten Kuchen und krasse Dance-Moves im Foyer des DFF! \ud83c\udf89\n\nMit diesen letzten Impressionen von Tag 8 bei LUCAS #46 schwelgen wir noch einmal in den sch\u00f6nen Erinnerungen, die wir bei dieser Festivalausgabe sammeln konnten. Wir danken noch einmal herzlichst unserem gro\u00dfartigen Team - abgebildet auf Slide 2 - und freuen uns schon aufs n\u00e4chste Jahr - vergesst uns bis dahin nicht! \u2764\ufe0f\n\n#LucasFilmfestival #Festival #ItsAWrap #Frankfurt #Wiesbaden #Offenbach #Preisverleihung #AwardCeremony #Teamphoto\" aria-hidden=\"true\">\n\t\t<\/a>\n\t<\/div>\n<\/div><div class=\"sbi_item sbi_type_carousel sbi_new sbi_transition\" id=\"sbi_17956364135539261\" data-date=\"1697134458\">\n\t<div class=\"sbi_photo_wrap\">\n\t\t<a class=\"sbi_photo\" href=\"https:\/\/www.instagram.com\/p\/CyTvU7ctIoq\/\" target=\"_blank\" rel=\"noopener nofollow\" data-full-res=\"https:\/\/scontent-lhr8-1.cdninstagram.com\/v\/t39.30808-6\/391716711_742254824583087_2409396750715184076_n.jpg?_nc_cat=111&amp;ccb=1-7&amp;_nc_sid=18de74&amp;_nc_ohc=xxQEKCxt93YAb6c5fn4&amp;_nc_ht=scontent-lhr8-1.cdninstagram.com&amp;edm=ANo9K5cEAAAA&amp;oh=00_AfABX9KHowR9rDKVszOHhVni9_CPrR9zXmsUssfQ-diZKA&amp;oe=662BA5D8\" data-img-src-set=\"{&quot;d&quot;:&quot;https:\\\/\\\/scontent-lhr8-1.cdninstagram.com\\\/v\\\/t39.30808-6\\\/391716711_742254824583087_2409396750715184076_n.jpg?_nc_cat=111&amp;ccb=1-7&amp;_nc_sid=18de74&amp;_nc_ohc=xxQEKCxt93YAb6c5fn4&amp;_nc_ht=scontent-lhr8-1.cdninstagram.com&amp;edm=ANo9K5cEAAAA&amp;oh=00_AfABX9KHowR9rDKVszOHhVni9_CPrR9zXmsUssfQ-diZKA&amp;oe=662BA5D8&quot;,&quot;150&quot;:&quot;https:\\\/\\\/scontent-lhr8-1.cdninstagram.com\\\/v\\\/t39.30808-6\\\/391716711_742254824583087_2409396750715184076_n.jpg?_nc_cat=111&amp;ccb=1-7&amp;_nc_sid=18de74&amp;_nc_ohc=xxQEKCxt93YAb6c5fn4&amp;_nc_ht=scontent-lhr8-1.cdninstagram.com&amp;edm=ANo9K5cEAAAA&amp;oh=00_AfABX9KHowR9rDKVszOHhVni9_CPrR9zXmsUssfQ-diZKA&amp;oe=662BA5D8&quot;,&quot;320&quot;:&quot;https:\\\/\\\/scontent-lhr8-1.cdninstagram.com\\\/v\\\/t39.30808-6\\\/391716711_742254824583087_2409396750715184076_n.jpg?_nc_cat=111&amp;ccb=1-7&amp;_nc_sid=18de74&amp;_nc_ohc=xxQEKCxt93YAb6c5fn4&amp;_nc_ht=scontent-lhr8-1.cdninstagram.com&amp;edm=ANo9K5cEAAAA&amp;oh=00_AfABX9KHowR9rDKVszOHhVni9_CPrR9zXmsUssfQ-diZKA&amp;oe=662BA5D8&quot;,&quot;640&quot;:&quot;https:\\\/\\\/scontent-lhr8-1.cdninstagram.com\\\/v\\\/t39.30808-6\\\/391716711_742254824583087_2409396750715184076_n.jpg?_nc_cat=111&amp;ccb=1-7&amp;_nc_sid=18de74&amp;_nc_ohc=xxQEKCxt93YAb6c5fn4&amp;_nc_ht=scontent-lhr8-1.cdninstagram.com&amp;edm=ANo9K5cEAAAA&amp;oh=00_AfABX9KHowR9rDKVszOHhVni9_CPrR9zXmsUssfQ-diZKA&amp;oe=662BA5D8&quot;}\">\n\t\t\t<span class=\"sbi-screenreader\">Aaaand tha\u00adt\u2019s a wrap! \ud83c\udf8a\n\nMit einer fei\u00ader\u00adli\u00adchen&nbsp;Pre<\/span>\n\t\t\t<svg class=\"svg-inline--fa fa-clone fa-w-16 sbi_lightbox_carousel_icon\" aria-hidden=\"true\" aria-label=\"Clone\" data-fa-pro\u0192cessed data-prefix=\"far\" data-icon=\"clone\" role=\"img\" viewBox=\"0 0 512 512\">\n                    <path fill=\"currentColor\" d=\"M464 0H144c-26.51 0-48 21.49-48 48v48H48c-26.51 0-48 21.49-48 48v320c0 26.51 21.49 48 48 48h320c26.51 0 48-21.49 48-48v-48h48c26.51 0 48-21.49 48-48V48c0-26.51-21.49-48-48-48zM362 464H54a6 6 0 0 1-6-6V150a6 6 0 0 1 6-6h42v224c0 26.51 21.49 48 48 48h224v42a6 6 0 0 1-6 6zm96-96H150a6 6 0 0 1-6-6V54a6 6 0 0 1 6-6h308a6 6 0 0 1 6 6v308a6 6 0 0 1-6 6z\" \/>\n                <\/svg>\t\t\t\t\t\t<img decoding=\"async\" src=\"https:\/\/2023.lucas-filmfestival.de\/wp-content\/plugins\/instagram-feed\/img\/placeholder.png\" alt=\"Aaaand that's a wrap! \ud83c\udf8a\n\nMit einer feierlichen Preisverleihung im Kino des @dff.film endete heute Abend die 46. Edition von LUCAS \u2013 Internationales Festival f\u00fcr junge Filmfans: DANCING QUEEN, JUNIORS und SORCERY erhalten Auszeichnungen als international beste Langfilme f\u00fcr junges Publikum. APHONIA wurde mit dem Preis f\u00fcr eine au\u00dfergew\u00f6hnliche cineastische Leistung geehrt - das erste Mal, das ein Kurzfilm diesen Award gewinnt. Die Preise f\u00fcr die besten Kurzfilme gehen an LA CALESITA und THINGS UNHEARD OF im Wettbewerb \u00bbKids\u00ab und ROOM im Wettbewerb \u00bbTeens\u00ab. \n\nAlle Gewinner:innen dieser Festivalausgabe gibt's via Link in Bio noch einmal ausf\u00fchrlich zum Nachlesen \ud83d\udd17\n\nWir danken allen jungen und junggebliebenen Festivalbesucher:innen und unseren gro\u00dfartigen Filmg\u00e4sten, die diese Ausgabe zu etwas ganz besonderem gemacht haben \u2764\ufe0f Bis zum n\u00e4chsten Jahr! \n\nStill 1: DANCING QUEEN - Preis f\u00fcr den besten Langfilm im Wettbewerb \u00bbKids\u00ab\nStill 2: LA CALESITA - Preis f\u00fcr den besten Kurzfilm im Wettbewerb \u00bbKids\u00ab\nStill 3: THINGS UNHEARD OF - Preis f\u00fcr den besten Kurzfilm im Wettbewerb \u00bbKids\u00ab\nStill 4: JUNIORS - Preis f\u00fcr den besten Langfilm im Wettbewerb \u00bbTeens\u00ab\nStill 5: ROOM - Preis f\u00fcr den besten Kurzfilm im Wettbewerb \u00bbTeens\u00ab\nStill 6: SORCERY - LUCAS \u00bbYoungsters\u00ab Award\n\n#LucasFilmfestival #AwardCeremony #Preisverleihung #Filmfestival #Frankfurt\" aria-hidden=\"true\">\n\t\t<\/a>\n\t<\/div>\n<\/div>\t<\/div>\n\n\t<div id=\"sbi_load\">\n\n\t\t\t<button class=\"sbi_load_btn\" type=\"button\" style=\"background: rgb(255,99,71);color: rgb(255,255,255);\">\n\t\t\t<span class=\"sbi_btn_text\">Mehr laden\u2026<\/span>\n\t\t\t<span class=\"sbi_loader sbi_hidden\" style=\"background-color: rgb(255, 255, 255);\" aria-hidden=\"true\"><\/span>\n\t\t<\/button>\n\t\n\t\t\t<span class=\"sbi_follow_btn\">\n\t\t\t<a target=\"_blank\" rel=\"nofollow noopener\" href=\"https:\/\/www.instagram.com\/lucasfestival\/\">\n\t\t\t\t<svg class=\"svg-inline--fa fa-instagram fa-w-14\" aria-hidden=\"true\" data-fa-processed aria-label=\"Instagram\" data-prefix=\"fab\" data-icon=\"instagram\" role=\"img\" viewBox=\"0 0 448 512\">\n                    <path fill=\"currentColor\" d=\"M224.1 141c-63.6 0-114.9 51.3-114.9 114.9s51.3 114.9 114.9 114.9S339 319.5 339 255.9 287.7 141 224.1 141zm0 189.6c-41.1 0-74.7-33.5-74.7-74.7s33.5-74.7 74.7-74.7 74.7 33.5 74.7 74.7-33.6 74.7-74.7 74.7zm146.4-194.3c0 14.9-12 26.8-26.8 26.8-14.9 0-26.8-12-26.8-26.8s12-26.8 26.8-26.8 26.8 12 26.8 26.8zm76.1 27.2c-1.7-35.9-9.9-67.7-36.2-93.9-26.2-26.2-58-34.4-93.9-36.2-37-2.1-147.9-2.1-184.9 0-35.8 1.7-67.6 9.9-93.9 36.1s-34.4 58-36.2 93.9c-2.1 37-2.1 147.9 0 184.9 1.7 35.9 9.9 67.7 36.2 93.9s58 34.4 93.9 36.2c37 2.1 147.9 2.1 184.9 0 35.9-1.7 67.7-9.9 93.9-36.2 26.2-26.2 34.4-58 36.2-93.9 2.1-37 2.1-147.8 0-184.8zM398.8 388c-7.8 19.6-22.9 34.7-42.6 42.6-29.5 11.7-99.5 9-132.1 9s-102.7 2.6-132.1-9c-19.6-7.8-34.7-22.9-42.6-42.6-11.7-29.5-9-99.5-9-132.1s-2.6-102.7 9-132.1c7.8-19.6 22.9-34.7 42.6-42.6 29.5-11.7 99.5-9 132.1-9s102.7-2.6 132.1 9c19.6 7.8 34.7 22.9 42.6 42.6 11.7 29.5 9 99.5 9 132.1s2.7 102.7-9 132.1z\" \/>\n                <\/svg>\t\t\t\t<span>Auf Instagram folgen<\/span>\n\t\t\t<\/a>\n\t\t<\/span>\n\t\n<\/div>\n\t\t<span class=\"sbi_resized_image_data\" data-feed-id=\"*1\" data-resized=\"{&quot;17956364135539261&quot;:{&quot;id&quot;:&quot;391716711_742254824583087_2409396750715184076_n&quot;,&quot;ratio&quot;:&quot;1.00&quot;,&quot;sizes&quot;:{&quot;full&quot;:640,&quot;low&quot;:320,&quot;thumb&quot;:150}},&quot;18005379620081088&quot;:{&quot;id&quot;:&quot;391685802_742882001187036_727374508832360901_n&quot;,&quot;ratio&quot;:&quot;1.50&quot;,&quot;sizes&quot;:{&quot;full&quot;:640,&quot;low&quot;:320,&quot;thumb&quot;:150}},&quot;17993744126320023&quot;:{&quot;id&quot;:&quot;417592754_815341440607758_8721166515282914063_n&quot;,&quot;ratio&quot;:&quot;1.00&quot;,&quot;sizes&quot;:{&quot;full&quot;:640,&quot;low&quot;:320,&quot;thumb&quot;:150}},&quot;18032234038854743&quot;:{&quot;id&quot;:&quot;430562691_834210298720872_2084723722066310141_n&quot;,&quot;ratio&quot;:&quot;1.00&quot;,&quot;sizes&quot;:{&quot;full&quot;:640,&quot;low&quot;:320,&quot;thumb&quot;:150}},&quot;18023910650006387&quot;:{&quot;id&quot;:&quot;417458270_833388168803085_1076235292901680584_n&quot;,&quot;ratio&quot;:&quot;1.00&quot;,&quot;sizes&quot;:{&quot;full&quot;:640,&quot;low&quot;:320,&quot;thumb&quot;:150}},&quot;17859965298072302&quot;:{&quot;id&quot;:&quot;417405459_829882645820304_1736498776544272276_n&quot;,&quot;ratio&quot;:&quot;1.00&quot;,&quot;sizes&quot;:{&quot;full&quot;:640,&quot;low&quot;:320,&quot;thumb&quot;:150}},&quot;17957808248740638&quot;:{&quot;id&quot;:&quot;418834253_841923034616265_6288018699773522948_n&quot;,&quot;ratio&quot;:&quot;1.00&quot;,&quot;sizes&quot;:{&quot;full&quot;:640,&quot;low&quot;:320,&quot;thumb&quot;:150}},&quot;18086612776435177&quot;:{&quot;id&quot;:&quot;437596304_864266855715216_7153984337395031571_n&quot;,&quot;ratio&quot;:&quot;1.00&quot;,&quot;sizes&quot;:{&quot;full&quot;:640,&quot;low&quot;:320,&quot;thumb&quot;:150}}}\">\n\t<\/span>\n\t<\/div>\n<p>[\/vc_column_text][\/vc_column_inner][\/vc_row_inner][vc_row_inner][vc_column_inner width=\u201c1\/2\u201d][vc_column_text]<\/p>\n<h2>YouTube<\/h2>\n<p>[\/vc_column_text][\/vc_column_inner][vc_column_inner width=\u201c1\/2\u201d][\/vc_column_inner][\/vc_row_inner][vc_row_inner][vc_column_inner width=\u201c1\/2\u201d][vc_video link=\u201chttps:\/\/www.youtube.com\/watch?v=0OYTqIetO4M\u201d][\/vc_column_inner][vc_column_inner width=\u201c1\/2\u201d][\/vc_column_inner][\/vc_row_inner][\/vc_column][\/vc_row][vc_row full_width=\u201cstretch_row\u201d css=\u201d.vc_custom_1615996233097{background-color: #ffffff !important;}\u201d][vc_column][\/vc_column][\/vc_row]<\/p>\n<\/div>","protected":false},"excerpt":{"rendered":"<p>[vc_row full_width=\u201cstretch_row\u201d content_placement=\u201cbottom\u201d parallax=\u201ccontent-moving\u201d parallax_image=\u201c631\u201d parallax_speed_bg=\u201c1.2\u201d css=\u201d.vc_custom_1616772209205{padding-top: 70px !important;padding-bottom: 70px !important;background-position: center;background-repeat: no-repeat !important;background-size: cover !important;}\u201d el_class=\u201chintergrund\u201d][vc_column width=\u201c2\/5\u201d][vc_single_image image=\u201c13624\u201d img_size=\u201c450x448\u201d css_animation=\u201crollIn\u201d][\/vc_column][vc_column width=\u201c2\/5\u201d][vc_row_inner][vc_column_inner][vc_column_text css=\u201d.vc_custom_1707909606601{padding-top: 10px !important;padding-right: 18px !important;padding-bottom: 10px !important;padding-left: 18px !important;background-color: rgba(255,255,255,0.8) !important;*background-color: rgb(255,255,255) !important;}\u201d] SAVE THE DATE: LUCAS #47 \u2014 October 5th to 11th,&nbsp;2024 [\/vc_column_text][\/vc_column_inner][\/vc_row_inner][\/vc_column][vc_column width=\u201c1\/5\u201d][\/vc_column][\/vc_row][vc_row full_width=\u201cstretch_row\u201d css=\u201d.vc_custom_1612518267848{padding-top: 50px !important;padding-bottom: 50px !important;background-color: #ffd700 !important;}\u201d][vc_column][vc_row_inner][vc_column_inner [\u2026]<\/p>\n","protected":false},"author":1,"featured_media":0,"parent":0,"menu_order":10,"comment_status":"closed","ping_status":"closed","template":"","meta":{"wp_typography_post_enhancements_disabled":false,"site-sidebar-layout":"no-sidebar","site-content-layout":"plain-container","ast-site-content-layout":"normal-width-container","site-content-style":"unboxed","site-sidebar-style":"unboxed","ast-global-header-display":"","ast-banner-title-visibility":"","ast-main-header-display":"","ast-hfb-above-header-display":"","ast-hfb-below-header-display":"","ast-hfb-mobile-header-display":"","site-post-title":"disabled","ast-breadcrumbs-content":"","ast-featured-img":"disabled","footer-sml-layout":"","ast-disable-related-posts":"","theme-transparent-header-meta":"default","adv-header-id-meta":"","stick-header-meta":"default","header-above-stick-meta":"","header-main-stick-meta":"","header-below-stick-meta":"","astra-migrate-meta-layouts":"default","ast-page-background-enabled":"default","ast-page-background-meta":{"desktop":{"background-color":"var(--ast-global-color-4)","background-image":"","background-repeat":"repeat","background-position":"center center","background-size":"auto","background-attachment":"scroll","background-type":"","background-media":"","overlay-type":"","overlay-color":"","overlay-opacity":"","overlay-gradient":""},"tablet":{"background-color":"","background-image":"","background-repeat":"repeat","background-position":"center center","background-size":"auto","background-attachment":"scroll","background-type":"","background-media":"","overlay-type":"","overlay-color":"","overlay-opacity":"","overlay-gradient":""},"mobile":{"background-color":"","background-image":"","background-repeat":"repeat","background-position":"center center","background-size":"auto","background-attachment":"scroll","background-type":"","background-media":"","overlay-type":"","overlay-color":"","overlay-opacity":"","overlay-gradient":""}},"ast-content-background-meta":{"desktop":{"background-color":"var(--ast-global-color-5)","background-image":"","background-repeat":"repeat","background-position":"center center","background-size":"auto","background-attachment":"scroll","background-type":"","background-media":"","overlay-type":"","overlay-color":"","overlay-opacity":"","overlay-gradient":""},"tablet":{"background-color":"var(--ast-global-color-5)","background-image":"","background-repeat":"repeat","background-position":"center center","background-size":"auto","background-attachment":"scroll","background-type":"","background-media":"","overlay-type":"","overlay-color":"","overlay-opacity":"","overlay-gradient":""},"mobile":{"background-color":"var(--ast-global-color-5)","background-image":"","background-repeat":"repeat","background-position":"center center","background-size":"auto","background-attachment":"scroll","background-type":"","background-media":"","overlay-type":"","overlay-color":"","overlay-opacity":"","overlay-gradient":""}},"footnotes":""},"class_list":["post-4376","page","type-page","status-publish","hentry"],"yoast_head":"<!-- This site is optimized with the Yoast SEO plugin v27.2 - https:\/\/yoast.com\/product\/yoast-seo-wordpress\/ -->\n<title>Homepage - LUCAS \u2013 Internationales Festival f\u00fcr junge Filmfans<\/title>\n<meta name=\"robots\" content=\"index, follow, max-snippet:-1, max-image-preview:large, max-video-preview:-1\" \/>\n<link rel=\"canonical\" href=\"https:\/\/2023.lucas-filmfestival.de\/en\/\" \/>\n<meta property=\"og:locale\" content=\"en_US\" \/>\n<meta property=\"og:type\" content=\"article\" \/>\n<meta property=\"og:title\" content=\"Homepage - LUCAS \u2013 Internationales Festival f\u00fcr junge Filmfans\" \/>\n<meta property=\"og:description\" content=\"[vc_row full_width=\u201cstretch_row\u201d content_placement=\u201cbottom\u201d parallax=\u201ccontent-moving\u201d parallax_image=\u201c631\u201d parallax_speed_bg=\u201c1.2\u201d css=\u201d.vc_custom_1616772209205{padding-top: 70px !important;padding-bottom: 70px !important;background-position: center;background-repeat: no-repeat !important;background-size: cover !important;}\u201d el_class=\u201chintergrund\u201d][vc_column width=\u201c2\/5\u201d][vc_single_image image=\u201c13624\u201d img_size=\u201c450x448\u201d css_animation=\u201crollIn\u201d][\/vc_column][vc_column width=\u201c2\/5\u201d][vc_row_inner][vc_column_inner][vc_column_text css=\u201d.vc_custom_1707909606601{padding-top: 10px !important;padding-right: 18px !important;padding-bottom: 10px !important;padding-left: 18px !important;background-color: rgba(255,255,255,0.8) !important;*background-color: rgb(255,255,255) !important;}\u201d] SAVE THE DATE: LUCAS #47 \u2014 October 5th to 11th,&nbsp;2024 [\/vc_column_text][\/vc_column_inner][\/vc_row_inner][\/vc_column][vc_column width=\u201c1\/5\u201d][\/vc_column][\/vc_row][vc_row full_width=\u201cstretch_row\u201d css=\u201d.vc_custom_1612518267848{padding-top: 50px !important;padding-bottom: 50px !important;background-color: #ffd700 !important;}\u201d][vc_column][vc_row_inner][vc_column_inner [&hellip;]\" \/>\n<meta property=\"og:url\" content=\"https:\/\/2023.lucas-filmfestival.de\/en\/\" \/>\n<meta property=\"og:site_name\" content=\"LUCAS \u2013 Internationales Festival f\u00fcr junge Filmfans\" \/>\n<meta property=\"article:modified_time\" content=\"2024-02-14T11:20:11+00:00\" \/>\n<meta name=\"twitter:card\" content=\"summary_large_image\" \/>\n<meta name=\"twitter:label1\" content=\"Est. reading time\" \/>\n\t<meta name=\"twitter:data1\" content=\"3 minutes\" \/>\n<script type=\"application\/ld+json\" class=\"yoast-schema-graph\">{\"@context\":\"https:\/\/schema.org\",\"@graph\":[{\"@type\":\"WebPage\",\"@id\":\"https:\/\/2023.lucas-filmfestival.de\/en\/\",\"url\":\"https:\/\/2023.lucas-filmfestival.de\/en\/\",\"name\":\"Homepage - LUCAS \u2013 Internationales Festival f\u00fcr junge Filmfans\",\"isPartOf\":{\"@id\":\"https:\/\/2023.lucas-filmfestival.de\/en\/#website\"},\"datePublished\":\"2021-01-13T15:50:23+00:00\",\"dateModified\":\"2024-02-14T11:20:11+00:00\",\"breadcrumb\":{\"@id\":\"https:\/\/2023.lucas-filmfestival.de\/en\/#breadcrumb\"},\"inLanguage\":\"en-US\",\"potentialAction\":[{\"@type\":\"ReadAction\",\"target\":[\"https:\/\/2023.lucas-filmfestival.de\/en\/\"]}]},{\"@type\":\"BreadcrumbList\",\"@id\":\"https:\/\/2023.lucas-filmfestival.de\/en\/#breadcrumb\",\"itemListElement\":[{\"@type\":\"ListItem\",\"position\":1,\"name\":\"Home\",\"item\":\"https:\/\/2023.lucas-filmfestival.de\/en\/\"},{\"@type\":\"ListItem\",\"position\":2,\"name\":\"Homepage\"}]},{\"@type\":\"WebSite\",\"@id\":\"https:\/\/2023.lucas-filmfestival.de\/en\/#website\",\"url\":\"https:\/\/2023.lucas-filmfestival.de\/en\/\",\"name\":\"LUCAS \u2013 Internationales Festival f\u00fcr junge Filmfans\",\"description\":\"Deutschlands \u00e4ltestes Filmfestival f\u00fcr junges Publikum. Das Programm richtet sich an alle von vier Jahren bis 18plus und pr\u00e4sentiert aktuelles internationales Filmschaffen \u2013 Spiel\u2011, Dokumentar\u2011, Animations- und Experimentalfilme. Herzst\u00fcck von LUCAS sind die Wettbewerbe in den Sektionen 8+, 13+ und 16+ | Youngsters.\",\"publisher\":{\"@id\":\"https:\/\/2023.lucas-filmfestival.de\/en\/#organization\"},\"potentialAction\":[{\"@type\":\"SearchAction\",\"target\":{\"@type\":\"EntryPoint\",\"urlTemplate\":\"https:\/\/2023.lucas-filmfestival.de\/en\/?s={search_term_string}\"},\"query-input\":{\"@type\":\"PropertyValueSpecification\",\"valueRequired\":true,\"valueName\":\"search_term_string\"}}],\"inLanguage\":\"en-US\"},{\"@type\":\"Organization\",\"@id\":\"https:\/\/2023.lucas-filmfestival.de\/en\/#organization\",\"name\":\"LUCAS \u2013 Internationales Festival f\u00fcr junge Filmfans\",\"url\":\"https:\/\/2023.lucas-filmfestival.de\/en\/\",\"logo\":{\"@type\":\"ImageObject\",\"inLanguage\":\"en-US\",\"@id\":\"https:\/\/2023.lucas-filmfestival.de\/en\/#\/schema\/logo\/image\/\",\"url\":\"https:\/\/2023.lucas-filmfestival.de\/medien\/2021\/01\/cropped-LucasAnimation-logo-br80px.gif\",\"contentUrl\":\"https:\/\/2023.lucas-filmfestival.de\/medien\/2021\/01\/cropped-LucasAnimation-logo-br80px.gif\",\"width\":80,\"height\":59,\"caption\":\"LUCAS \u2013 Internationales Festival f\u00fcr junge Filmfans\"},\"image\":{\"@id\":\"https:\/\/2023.lucas-filmfestival.de\/en\/#\/schema\/logo\/image\/\"}}]}<\/script>\n<!-- \/ Yoast SEO plugin. -->","yoast_head_json":{"title":"Homepage - LUCAS \u2013 Internationales Festival f\u00fcr junge Filmfans","robots":{"index":"index","follow":"follow","max-snippet":"max-snippet:-1","max-image-preview":"max-image-preview:large","max-video-preview":"max-video-preview:-1"},"canonical":"https:\/\/2023.lucas-filmfestival.de\/en\/","og_locale":"en_US","og_type":"article","og_title":"Homepage - LUCAS \u2013 Internationales Festival f\u00fcr junge Filmfans","og_description":"[vc_row full_width=\u201cstretch_row\u201d content_placement=\u201cbottom\u201d parallax=\u201ccontent-moving\u201d parallax_image=\u201c631\u201d parallax_speed_bg=\u201c1.2\u201d css=\u201d.vc_custom_1616772209205{padding-top: 70px !important;padding-bottom: 70px !important;background-position: center;background-repeat: no-repeat !important;background-size: cover !important;}\u201d el_class=\u201chintergrund\u201d][vc_column width=\u201c2\/5\u201d][vc_single_image image=\u201c13624\u201d img_size=\u201c450x448\u201d css_animation=\u201crollIn\u201d][\/vc_column][vc_column width=\u201c2\/5\u201d][vc_row_inner][vc_column_inner][vc_column_text css=\u201d.vc_custom_1707909606601{padding-top: 10px !important;padding-right: 18px !important;padding-bottom: 10px !important;padding-left: 18px !important;background-color: rgba(255,255,255,0.8) !important;*background-color: rgb(255,255,255) !important;}\u201d] SAVE THE DATE: LUCAS #47 \u2014 October 5th to 11th,&nbsp;2024 [\/vc_column_text][\/vc_column_inner][\/vc_row_inner][\/vc_column][vc_column width=\u201c1\/5\u201d][\/vc_column][\/vc_row][vc_row full_width=\u201cstretch_row\u201d css=\u201d.vc_custom_1612518267848{padding-top: 50px !important;padding-bottom: 50px !important;background-color: #ffd700 !important;}\u201d][vc_column][vc_row_inner][vc_column_inner [&hellip;]","og_url":"https:\/\/2023.lucas-filmfestival.de\/en\/","og_site_name":"LUCAS \u2013 Internationales Festival f\u00fcr junge Filmfans","article_modified_time":"2024-02-14T11:20:11+00:00","twitter_card":"summary_large_image","twitter_misc":{"Est. reading time":"3 minutes"},"schema":{"@context":"https:\/\/schema.org","@graph":[{"@type":"WebPage","@id":"https:\/\/2023.lucas-filmfestival.de\/en\/","url":"https:\/\/2023.lucas-filmfestival.de\/en\/","name":"Homepage - LUCAS \u2013 Internationales Festival f\u00fcr junge Filmfans","isPartOf":{"@id":"https:\/\/2023.lucas-filmfestival.de\/en\/#website"},"datePublished":"2021-01-13T15:50:23+00:00","dateModified":"2024-02-14T11:20:11+00:00","breadcrumb":{"@id":"https:\/\/2023.lucas-filmfestival.de\/en\/#breadcrumb"},"inLanguage":"en-US","potentialAction":[{"@type":"ReadAction","target":["https:\/\/2023.lucas-filmfestival.de\/en\/"]}]},{"@type":"BreadcrumbList","@id":"https:\/\/2023.lucas-filmfestival.de\/en\/#breadcrumb","itemListElement":[{"@type":"ListItem","position":1,"name":"Home","item":"https:\/\/2023.lucas-filmfestival.de\/en\/"},{"@type":"ListItem","position":2,"name":"Homepage"}]},{"@type":"WebSite","@id":"https:\/\/2023.lucas-filmfestival.de\/en\/#website","url":"https:\/\/2023.lucas-filmfestival.de\/en\/","name":"LUCAS \u2013 Internationales Festival f\u00fcr junge Filmfans","description":"Deutschlands \u00e4ltestes Filmfestival f\u00fcr junges Publikum. Das Programm richtet sich an alle von vier Jahren bis 18plus und pr\u00e4sentiert aktuelles internationales Filmschaffen \u2013 Spiel\u2011, Dokumentar\u2011, Animations- und Experimentalfilme. Herzst\u00fcck von LUCAS sind die Wettbewerbe in den Sektionen 8+, 13+ und 16+ | Youngsters.","publisher":{"@id":"https:\/\/2023.lucas-filmfestival.de\/en\/#organization"},"potentialAction":[{"@type":"SearchAction","target":{"@type":"EntryPoint","urlTemplate":"https:\/\/2023.lucas-filmfestival.de\/en\/?s={search_term_string}"},"query-input":{"@type":"PropertyValueSpecification","valueRequired":true,"valueName":"search_term_string"}}],"inLanguage":"en-US"},{"@type":"Organization","@id":"https:\/\/2023.lucas-filmfestival.de\/en\/#organization","name":"LUCAS \u2013 Internationales Festival f\u00fcr junge Filmfans","url":"https:\/\/2023.lucas-filmfestival.de\/en\/","logo":{"@type":"ImageObject","inLanguage":"en-US","@id":"https:\/\/2023.lucas-filmfestival.de\/en\/#\/schema\/logo\/image\/","url":"https:\/\/2023.lucas-filmfestival.de\/medien\/2021\/01\/cropped-LucasAnimation-logo-br80px.gif","contentUrl":"https:\/\/2023.lucas-filmfestival.de\/medien\/2021\/01\/cropped-LucasAnimation-logo-br80px.gif","width":80,"height":59,"caption":"LUCAS \u2013 Internationales Festival f\u00fcr junge Filmfans"},"image":{"@id":"https:\/\/2023.lucas-filmfestival.de\/en\/#\/schema\/logo\/image\/"}}]}},"_links":{"self":[{"href":"https:\/\/2023.lucas-filmfestival.de\/en\/wp-json\/wp\/v2\/pages\/4376","targetHints":{"allow":["GET"]}}],"collection":[{"href":"https:\/\/2023.lucas-filmfestival.de\/en\/wp-json\/wp\/v2\/pages"}],"about":[{"href":"https:\/\/2023.lucas-filmfestival.de\/en\/wp-json\/wp\/v2\/types\/page"}],"author":[{"embeddable":true,"href":"https:\/\/2023.lucas-filmfestival.de\/en\/wp-json\/wp\/v2\/users\/1"}],"replies":[{"embeddable":true,"href":"https:\/\/2023.lucas-filmfestival.de\/en\/wp-json\/wp\/v2\/comments?post=4376"}],"version-history":[{"count":66,"href":"https:\/\/2023.lucas-filmfestival.de\/en\/wp-json\/wp\/v2\/pages\/4376\/revisions"}],"predecessor-version":[{"id":13836,"href":"https:\/\/2023.lucas-filmfestival.de\/en\/wp-json\/wp\/v2\/pages\/4376\/revisions\/13836"}],"wp:attachment":[{"href":"https:\/\/2023.lucas-filmfestival.de\/en\/wp-json\/wp\/v2\/media?parent=4376"}],"curies":[{"name":"wp","href":"https:\/\/api.w.org\/{rel}","templated":true}]}}